{"id":22,"date":"2023-04-05T13:24:21","date_gmt":"2023-04-05T13:24:21","guid":{"rendered":"https:\/\/sellyeiplebania.hu\/?page_id=22"},"modified":"2023-04-05T13:25:20","modified_gmt":"2023-04-05T13:25:20","slug":"rolunk","status":"publish","type":"page","link":"https:\/\/sellyeiplebania.hu\/?page_id=22","title":{"rendered":"R\u00f3lunk"},"content":{"rendered":"\t\t<div data-elementor-type=\"wp-page\" data-elementor-id=\"22\" class=\"elementor elementor-22\">\n\t\t\t\t\t\t<section class=\"elementor-section elementor-top-section elementor-element elementor-element-92ccc20 elementor-section-boxed elementor-section-height-default elementor-section-height-default\" data-id=\"92ccc20\" data-element_type=\"section\" data-e-type=\"section\">\n\t\t\t\t\t\t<div class=\"elementor-container elementor-column-gap-default\">\n\t\t\t\t\t<div class=\"elementor-column elementor-col-100 elementor-top-column elementor-element elementor-element-284581c\" data-id=\"284581c\" data-element_type=\"column\" data-e-type=\"column\">\n\t\t\t<div class=\"elementor-widget-wrap elementor-element-populated\">\n\t\t\t\t\t\t<div class=\"elementor-element elementor-element-a7311e6 elementor-widget elementor-widget-text-editor\" data-id=\"a7311e6\" data-element_type=\"widget\" data-e-type=\"widget\" data-widget_type=\"text-editor.default\">\n\t\t\t\t<div class=\"elementor-widget-container\">\n\t\t\t\t\t\t\t\t\t<p><span style=\"color: #000000;\">A Sellyei R\u00f3mai Katolikus Pl\u00e9b\u00e1nia a P\u00e9csi Egyh\u00e1zmegye egyik pl\u00e9b\u00e1ni\u00e1ja a Szigetv\u00e1ri Esperesi Ker\u00fcletben.\u00a0<\/span><\/p><p><span style=\"color: #000000;\">Pl\u00e9b\u00e1ni\u00e1nk eredetileg h\u00e1rom pl\u00e9b\u00e1ni\u00e1b\u00f3l \u00e1llt:\u00a0<\/span><br \/><span style=\"color: #000000;\">Id\u0151ben az els\u0151 a Bogd\u00e1sai Pl\u00e9b\u00e1nia, mely m\u00e1r<span class=\"text_exposed_show\">\u00a0a 15. sz\u00e1zadban l\u00e9tezett, mint a P\u00e9csi Sz\u00e9kesk\u00e1ptalanhoz tartoz\u00f3 pl\u00e9b\u00e1nia. A m\u00e1sik pl\u00e9b\u00e1nia volt a Sellyei Pl\u00e9b\u00e1nia, melynek a Draskovich csal\u00e1d volt a kegyura. A harmadik pl\u00e9b\u00e1nia volt a Dr\u00e1vaszt\u00e1rai Pl\u00e9b\u00e1nia. Az itt tal\u00e1lhat\u00f3 templomot az 1940-es \u00e9vekben \u00e9p\u00edtett\u00e9k. A kilencvenes \u00e9vekt\u0151l kezdve Sellye oldallagosan l\u00e1tta el Bogd\u00e1s\u00e1t \u00e9s fili\u00e1it (el\u0151sz\u00f6r Dr\u00e1vafokot, a k\u00e9tezres \u00e9vekt\u0151l kezdve Endr\u0151c\u00f6t), a Dr\u00e1vaszt\u00e1rai Pl\u00e9b\u00e1ni\u00e1t pedig m\u00e1r el\u0151bb is ell\u00e1tta szint\u00e9n oldallagosan. Dr. Udvardy Gy\u00f6rgy 2012-ben e h\u00e1rom pl\u00e9b\u00e1ni\u00e1t egy pl\u00e9b\u00e1ni\u00e1v\u00e1 vonta \u00f6ssze, Bogd\u00e1s\u00e1t \u00e9s Dr\u00e1vaszt\u00e1r\u00e1t pedig fili\u00e1v\u00e1 min\u0151s\u00edtette. Jelenlegi pl\u00e9b\u00e1nia vezet\u0151: F\u0151tisztelend\u0151 Egri J\u00f3zsef tb. esperes.<\/span><\/span><br \/><br \/><br \/><\/p>\t\t\t\t\t\t\t\t<\/div>\n\t\t\t\t<\/div>\n\t\t\t\t\t<\/div>\n\t\t<\/div>\n\t\t\t\t\t<\/div>\n\t\t<\/section>\n\t\t\t\t<\/div>\n\t\t","protected":false},"excerpt":{"rendered":"<p>A Sellyei R\u00f3mai Katolikus Pl\u00e9b\u00e1nia a P\u00e9csi Egyh\u00e1zmegye egyik pl\u00e9b\u00e1ni\u00e1ja a Szigetv\u00e1ri Esperesi Ker\u00fcletben.\u00a0 Pl\u00e9b\u00e1ni\u00e1nk eredetileg h\u00e1rom pl\u00e9b\u00e1ni\u00e1b\u00f3l \u00e1llt:\u00a0Id\u0151ben az els\u0151 a Bogd\u00e1sai Pl\u00e9b\u00e1nia, mely m\u00e1r\u00a0a 15. sz\u00e1zadban l\u00e9tezett, mint a P\u00e9csi Sz\u00e9kesk\u00e1ptalanhoz tartoz\u00f3 pl\u00e9b\u00e1nia. A m\u00e1sik pl\u00e9b\u00e1nia volt a Sellyei Pl\u00e9b\u00e1nia, melynek a Draskovich csal\u00e1d volt a kegyura. A harmadik pl\u00e9b\u00e1nia volt a Dr\u00e1vaszt\u00e1rai Pl\u00e9b\u00e1nia. Az itt tal\u00e1lhat\u00f3 templomot az 1940-es \u00e9vekben \u00e9p\u00edtett\u00e9k. A kilencvenes \u00e9vekt\u0151l kezdve Sellye oldallagosan l\u00e1tta el Bogd\u00e1s\u00e1t \u00e9s fili\u00e1it (el\u0151sz\u00f6r Dr\u00e1vafokot, a k\u00e9tezres \u00e9vekt\u0151l kezdve Endr\u0151c\u00f6t), a Dr\u00e1vaszt\u00e1rai Pl\u00e9b\u00e1ni\u00e1t pedig m\u00e1r el\u0151bb is ell\u00e1tta szint\u00e9n oldallagosan. Dr. Udvardy Gy\u00f6rgy 2012-ben e h\u00e1rom pl\u00e9b\u00e1ni\u00e1t egy pl\u00e9b\u00e1ni\u00e1v\u00e1 vonta \u00f6ssze, Bogd\u00e1s\u00e1t \u00e9s Dr\u00e1vaszt\u00e1r\u00e1t pedig fili\u00e1v\u00e1 min\u0151s\u00edtette. Jelenlegi pl\u00e9b\u00e1nia vezet\u0151: F\u0151tisztelend\u0151 Egri J\u00f3zsef tb. esperes.<\/p>\n","protected":false},"author":1,"featured_media":0,"parent":0,"menu_order":0,"comment_status":"closed","ping_status":"closed","template":"","meta":{"footnotes":""},"class_list":["post-22","page","type-page","status-publish","hentry"],"_links":{"self":[{"href":"https:\/\/sellyeiplebania.hu\/index.php?rest_route=\/wp\/v2\/pages\/22","targetHints":{"allow":["GET"]}}],"collection":[{"href":"https:\/\/sellyeiplebania.hu\/index.php?rest_route=\/wp\/v2\/pages"}],"about":[{"href":"https:\/\/sellyeiplebania.hu\/index.php?rest_route=\/wp\/v2\/types\/page"}],"author":[{"embeddable":true,"href":"https:\/\/sellyeiplebania.hu\/index.php?rest_route=\/wp\/v2\/users\/1"}],"replies":[{"embeddable":true,"href":"https:\/\/sellyeiplebania.hu\/index.php?rest_route=%2Fwp%2Fv2%2Fcomments&post=22"}],"version-history":[{"count":4,"href":"https:\/\/sellyeiplebania.hu\/index.php?rest_route=\/wp\/v2\/pages\/22\/revisions"}],"predecessor-version":[{"id":26,"href":"https:\/\/sellyeiplebania.hu\/index.php?rest_route=\/wp\/v2\/pages\/22\/revisions\/26"}],"wp:attachment":[{"href":"https:\/\/sellyeiplebania.hu\/index.php?rest_route=%2Fwp%2Fv2%2Fmedia&parent=22"}],"curies":[{"name":"wp","href":"https:\/\/api.w.org\/{rel}","templated":true}]}}