{"id":29,"date":"2023-04-05T13:26:40","date_gmt":"2023-04-05T13:26:40","guid":{"rendered":"https:\/\/sellyeiplebania.hu\/?page_id=29"},"modified":"2023-04-05T13:34:39","modified_gmt":"2023-04-05T13:34:39","slug":"kezdooldal","status":"publish","type":"page","link":"https:\/\/sellyeiplebania.hu\/","title":{"rendered":""},"content":{"rendered":"\t\t<div data-elementor-type=\"wp-page\" data-elementor-id=\"29\" class=\"elementor elementor-29\">\n\t\t\t\t\t\t<section class=\"elementor-section elementor-top-section elementor-element elementor-element-4b8d93e elementor-section-boxed elementor-section-height-default elementor-section-height-default\" data-id=\"4b8d93e\" data-element_type=\"section\" data-e-type=\"section\">\n\t\t\t\t\t\t<div class=\"elementor-container elementor-column-gap-default\">\n\t\t\t\t\t<div class=\"elementor-column elementor-col-100 elementor-top-column elementor-element elementor-element-d7f55ae\" data-id=\"d7f55ae\" data-element_type=\"column\" data-e-type=\"column\">\n\t\t\t<div class=\"elementor-widget-wrap elementor-element-populated\">\n\t\t\t\t\t\t<div class=\"elementor-element elementor-element-5b4d721 elementor-widget elementor-widget-heading\" data-id=\"5b4d721\" data-element_type=\"widget\" data-e-type=\"widget\" data-widget_type=\"heading.default\">\n\t\t\t\t<div class=\"elementor-widget-container\">\n\t\t\t\t\t<h2 class=\"elementor-heading-title elementor-size-default\">Isten hozta a Sellyei Pl\u00e9b\u00e1nia honlapj\u00e1n!\n\n<\/h2>\t\t\t\t<\/div>\n\t\t\t\t<\/div>\n\t\t\t\t\t<\/div>\n\t\t<\/div>\n\t\t\t\t\t<\/div>\n\t\t<\/section>\n\t\t\t\t<section class=\"elementor-section elementor-top-section elementor-element elementor-element-198b406 elementor-section-boxed elementor-section-height-default elementor-section-height-default\" data-id=\"198b406\" data-element_type=\"section\" data-e-type=\"section\">\n\t\t\t\t\t\t<div class=\"elementor-container elementor-column-gap-default\">\n\t\t\t\t\t<div class=\"elementor-column elementor-col-100 elementor-top-column elementor-element elementor-element-9840b0d\" data-id=\"9840b0d\" data-element_type=\"column\" data-e-type=\"column\">\n\t\t\t<div class=\"elementor-widget-wrap elementor-element-populated\">\n\t\t\t\t\t\t<div class=\"elementor-element elementor-element-b515fcd elementor-widget-divider--view-line elementor-widget elementor-widget-divider\" data-id=\"b515fcd\" data-element_type=\"widget\" data-e-type=\"widget\" data-widget_type=\"divider.default\">\n\t\t\t\t<div class=\"elementor-widget-container\">\n\t\t\t\t\t\t\t<div class=\"elementor-divider\">\n\t\t\t<span class=\"elementor-divider-separator\">\n\t\t\t\t\t\t<\/span>\n\t\t<\/div>\n\t\t\t\t\t\t<\/div>\n\t\t\t\t<\/div>\n\t\t\t\t\t<\/div>\n\t\t<\/div>\n\t\t\t\t\t<\/div>\n\t\t<\/section>\n\t\t\t\t<section class=\"elementor-section elementor-top-section elementor-element elementor-element-c8bbb9d elementor-section-boxed elementor-section-height-default elementor-section-height-default\" data-id=\"c8bbb9d\" data-element_type=\"section\" data-e-type=\"section\">\n\t\t\t\t\t\t<div class=\"elementor-container elementor-column-gap-default\">\n\t\t\t\t\t<div class=\"elementor-column elementor-col-100 elementor-top-column elementor-element elementor-element-f68d48b\" data-id=\"f68d48b\" data-element_type=\"column\" data-e-type=\"column\">\n\t\t\t<div class=\"elementor-widget-wrap elementor-element-populated\">\n\t\t\t\t\t\t<div class=\"elementor-element elementor-element-a889604 elementor-widget elementor-widget-text-editor\" data-id=\"a889604\" data-element_type=\"widget\" data-e-type=\"widget\" data-widget_type=\"text-editor.default\">\n\t\t\t\t<div class=\"elementor-widget-container\">\n\t\t\t\t\t\t\t\t\t<p style=\"text-align: center;\"><strong><span style=\"color: #000000;\">A Sellyei R\u00f3mai Katolikus Pl\u00e9b\u00e1nia fel\u00faj\u00edt\u00e1sa\u2013 Magyar Falu 2022 Egyh\u00e1zi k\u00f6z\u00f6ss\u00e9gi <\/span><span style=\"color: #000000;\">terek fejleszt\u00e9se<\/span><\/strong><\/p><p style=\"text-align: center;\"><span style=\"color: #000000;\">A 2022-ben megkezdett fejleszt\u00e9s r\u00e9szek\u00e9nt a pl\u00e9b\u00e1nia \u00e9p\u00fclet tet\u0151fel\u00faj\u00edt\u00e1s\u00e1ra,<\/span><br \/><span style=\"color: #000000;\">tet\u0151szigetel\u00e9s\u00e9re, f\u00f6d\u00e9mszigetel\u00e9sre, homlokzatfel\u00faj\u00edt\u00e1s \u00e9s ny\u00edl\u00e1sz\u00e1r\u00f3k cser\u00e9j\u00e9re ker\u00fclt sor. Az<\/span><br \/><span style=\"color: #000000;\">elv\u00e9gzett munk\u00e1latotokkal az \u00e9p\u00fclet fenntarthat\u00f3s\u00e1ga hossz\u00fat\u00e1von gazdas\u00e1gosabb\u00e1 v\u00e1lt.<\/span><\/p><p style=\"text-align: center;\"><strong><span style=\"color: #000000;\">MFP-EKT\/2022 Egyh\u00e1zi k\u00f6z\u00f6ss\u00e9gi terek fejleszt\u00e9se &#8211; Sellye<\/span><\/strong><\/p><p style=\"text-align: center;\"><strong><span style=\"color: #000000;\">34.890.022.- Ft<\/span><\/strong><\/p><p style=\"text-align: center;\"><strong><span style=\"color: #000000;\">\u201eA 7960 Sellye, Batthy\u00e1ny utca 2. hrsz.: 1061 alatti k\u00f6z\u00f6ss\u00e9gi \u00e9p\u00fclet fejleszt\u00e9se\u201d<\/span><\/strong><\/p><p style=\"text-align: center;\"><strong><span style=\"color: #000000;\">K\u00f6sz\u00f6nj\u00fck a t\u00e1mogat\u00e1st!<\/span><\/strong><\/p>\t\t\t\t\t\t\t\t<\/div>\n\t\t\t\t<\/div>\n\t\t\t\t\t<\/div>\n\t\t<\/div>\n\t\t\t\t\t<\/div>\n\t\t<\/section>\n\t\t\t\t<section class=\"elementor-section elementor-top-section elementor-element elementor-element-b5b0ee1 elementor-section-boxed elementor-section-height-default elementor-section-height-default\" data-id=\"b5b0ee1\" data-element_type=\"section\" data-e-type=\"section\">\n\t\t\t\t\t\t<div class=\"elementor-container elementor-column-gap-default\">\n\t\t\t\t\t<div class=\"elementor-column elementor-col-100 elementor-top-column elementor-element elementor-element-fe95667\" data-id=\"fe95667\" data-element_type=\"column\" data-e-type=\"column\">\n\t\t\t<div class=\"elementor-widget-wrap elementor-element-populated\">\n\t\t\t\t\t\t<div class=\"elementor-element elementor-element-07cbb31 elementor-widget elementor-widget-image\" data-id=\"07cbb31\" data-element_type=\"widget\" data-e-type=\"widget\" data-widget_type=\"image.default\">\n\t\t\t\t<div class=\"elementor-widget-container\">\n\t\t\t\t\t\t\t\t\t\t\t\t\t\t\t<img fetchpriority=\"high\" decoding=\"async\" width=\"300\" height=\"168\" src=\"https:\/\/sellyeiplebania.hu\/wp-content\/uploads\/2023\/04\/logo.jpg\" class=\"attachment-large size-large wp-image-32\" alt=\"\" \/>\t\t\t\t\t\t\t\t\t\t\t\t\t\t\t<\/div>\n\t\t\t\t<\/div>\n\t\t\t\t\t<\/div>\n\t\t<\/div>\n\t\t\t\t\t<\/div>\n\t\t<\/section>\n\t\t\t\t<section class=\"elementor-section elementor-top-section elementor-element elementor-element-7ffceec elementor-section-boxed elementor-section-height-default elementor-section-height-default\" data-id=\"7ffceec\" data-element_type=\"section\" data-e-type=\"section\">\n\t\t\t\t\t\t<div class=\"elementor-container elementor-column-gap-default\">\n\t\t\t\t\t<div class=\"elementor-column elementor-col-100 elementor-top-column elementor-element elementor-element-f6ceae2\" data-id=\"f6ceae2\" data-element_type=\"column\" data-e-type=\"column\">\n\t\t\t<div class=\"elementor-widget-wrap elementor-element-populated\">\n\t\t\t\t\t\t<div class=\"elementor-element elementor-element-a8765a7 elementor-widget-divider--view-line elementor-widget elementor-widget-divider\" data-id=\"a8765a7\" data-element_type=\"widget\" data-e-type=\"widget\" data-widget_type=\"divider.default\">\n\t\t\t\t<div class=\"elementor-widget-container\">\n\t\t\t\t\t\t\t<div class=\"elementor-divider\">\n\t\t\t<span class=\"elementor-divider-separator\">\n\t\t\t\t\t\t<\/span>\n\t\t<\/div>\n\t\t\t\t\t\t<\/div>\n\t\t\t\t<\/div>\n\t\t\t\t\t<\/div>\n\t\t<\/div>\n\t\t\t\t\t<\/div>\n\t\t<\/section>\n\t\t\t\t<\/div>\n\t\t","protected":false},"excerpt":{"rendered":"<p>Isten hozta a Sellyei Pl\u00e9b\u00e1nia honlapj\u00e1n! A Sellyei R\u00f3mai Katolikus Pl\u00e9b\u00e1nia fel\u00faj\u00edt\u00e1sa\u2013 Magyar Falu 2022 Egyh\u00e1zi k\u00f6z\u00f6ss\u00e9gi terek fejleszt\u00e9se A 2022-ben megkezdett fejleszt\u00e9s r\u00e9szek\u00e9nt a pl\u00e9b\u00e1nia \u00e9p\u00fclet tet\u0151fel\u00faj\u00edt\u00e1s\u00e1ra, tet\u0151szigetel\u00e9s\u00e9re, f\u00f6d\u00e9mszigetel\u00e9sre, homlokzatfel\u00faj\u00edt\u00e1s \u00e9s ny\u00edl\u00e1sz\u00e1r\u00f3k cser\u00e9j\u00e9re ker\u00fclt sor. Az elv\u00e9gzett munk\u00e1latotokkal az \u00e9p\u00fclet fenntarthat\u00f3s\u00e1ga hossz\u00fat\u00e1von gazdas\u00e1gosabb\u00e1 v\u00e1lt. MFP-EKT\/2022 Egyh\u00e1zi k\u00f6z\u00f6ss\u00e9gi terek fejleszt\u00e9se &#8211; Sellye 34.890.022.- Ft \u201eA 7960 Sellye, Batthy\u00e1ny utca 2. hrsz.: 1061 alatti k\u00f6z\u00f6ss\u00e9gi \u00e9p\u00fclet fejleszt\u00e9se\u201d K\u00f6sz\u00f6nj\u00fck a t\u00e1mogat\u00e1st!<\/p>\n","protected":false},"author":1,"featured_media":0,"parent":0,"menu_order":0,"comment_status":"closed","ping_status":"closed","template":"","meta":{"footnotes":""},"class_list":["post-29","page","type-page","status-publish","hentry"],"_links":{"self":[{"href":"https:\/\/sellyeiplebania.hu\/index.php?rest_route=\/wp\/v2\/pages\/29","targetHints":{"allow":["GET"]}}],"collection":[{"href":"https:\/\/sellyeiplebania.hu\/index.php?rest_route=\/wp\/v2\/pages"}],"about":[{"href":"https:\/\/sellyeiplebania.hu\/index.php?rest_route=\/wp\/v2\/types\/page"}],"author":[{"embeddable":true,"href":"https:\/\/sellyeiplebania.hu\/index.php?rest_route=\/wp\/v2\/users\/1"}],"replies":[{"embeddable":true,"href":"https:\/\/sellyeiplebania.hu\/index.php?rest_route=%2Fwp%2Fv2%2Fcomments&post=29"}],"version-history":[{"count":5,"href":"https:\/\/sellyeiplebania.hu\/index.php?rest_route=\/wp\/v2\/pages\/29\/revisions"}],"predecessor-version":[{"id":39,"href":"https:\/\/sellyeiplebania.hu\/index.php?rest_route=\/wp\/v2\/pages\/29\/revisions\/39"}],"wp:attachment":[{"href":"https:\/\/sellyeiplebania.hu\/index.php?rest_route=%2Fwp%2Fv2%2Fmedia&parent=29"}],"curies":[{"name":"wp","href":"https:\/\/api.w.org\/{rel}","templated":true}]}}